{"id":19,"date":"2024-06-20T13:54:28","date_gmt":"2024-06-20T12:54:28","guid":{"rendered":"https:\/\/logigamma.hu\/info\/?page_id=19"},"modified":"2024-06-30T09:23:05","modified_gmt":"2024-06-30T08:23:05","slug":"rolunk","status":"publish","type":"page","link":"https:\/\/logigamma.hu\/info\/rolunk\/","title":{"rendered":"R\u00f3lunk"},"content":{"rendered":"\n<div style=\"height:38px\" aria-hidden=\"true\" class=\"wp-block-spacer\"><\/div>\n\n\n\n<h3 class=\"wp-block-heading\">LogiGamma Sped Kft. fuvaroz\u00e1s, fuvarszervez\u00e9s, sz\u00e1ll\u00edtm\u00e1nyoz\u00e1s \u00e9s m\u0171szaki ter\u00fcleten tapasztalt<\/h3>\n\n\n\n<div style=\"height:55px\" aria-hidden=\"true\" class=\"wp-block-spacer\"><\/div>\n\n\n\n<p>Fuvaroz\u00e1ssal \u00e9s fuvarszervez\u00e9ssel foglalkoz\u00f3 c\u00e9g\u00fcnk 2012 december\u00e9ben alakult h\u00e1rom term\u00e9szetes szem\u00e9ly r\u00e9szv\u00e9tel\u00e9vel. A tulajdonosok a fuvaroz\u00e1s, fuvarszervez\u00e9s \u00e9s sz\u00e1ll\u00edtm\u00e1nyoz\u00e1s, illetve m\u0171szaki ter\u00fcleten szerzett t\u00f6bb \u00e9ves szakmai tapasztalattal rendelkeznek.<\/p>\n\n\n\n<p>A munk\u00e1t egy euro 2-es Scania t\u00edpus\u00fa nyerges szerelv\u00e9nnyel kezdt\u00fck, kiz\u00e1r\u00f3lag belf\u00f6ldi feladatokkal.<\/p>\n\n\n\n<p>M\u00e1ra a c\u00e9g dinamikus fejl\u0151d\u00e9s\u00e9nek k\u00f6sz\u00f6nhet\u0151en h\u00e9t euro 6-os nyerges szerelv\u00e9nnyel, a legmagasabb elv\u00e1r\u00e1soknak is megfelel\u0151 k\u00f6nny\u00edtett, raklaptart\u00f3s ponyv\u00e1s f\u00e9lp\u00f3tkocsival igyekszik a megb\u00edz\u00f3i ig\u00e9nyeket teljes k\u00f6r\u0171en kiel\u00e9g\u00edteni, nemzetk\u00f6zi \u00e9s belf\u00f6ldi ter\u00fcleten egyar\u00e1nt. Utic\u00e9ljaink k\u00f6z\u00f6tt szerepel Eur\u00f3pa t\u00f6bb orsz\u00e1ga, els\u0151sorban Sv\u00e1jc!<\/p>\n\n\n\n<div style=\"height:63px\" aria-hidden=\"true\" class=\"wp-block-spacer\"><\/div>\n\n\n\n<h3 class=\"wp-block-heading\">Legf\u0151bb c\u00e9lkit\u0171z\u00e9s\u00fcnk egy olyan t\u00f6bb gener\u00e1ci\u00f3s csal\u00e1di v\u00e1llalkoz\u00e1s megteremt\u00e9se, amely hossz\u00fa t\u00e1von tudja biztos\u00edtani<\/h3>\n\n\n\n<div style=\"height:40px\" aria-hidden=\"true\" class=\"wp-block-spacer\"><\/div>\n\n\n\n<ul class=\"wp-block-list\">\n<li>g\u00e9pj\u00e1rm\u0171 parkunk folyamatos karbantart\u00e1s\u00e1val, fejleszt\u00e9s\u00e9vel a vev\u0151i ig\u00e9nyek maxim\u00e1lis kiel\u00e9g\u00edt\u00e9s\u00e9t.<\/li>\n\n\n\n<li>a piaci ig\u00e9nyeket figyelembe vev\u0151 t\u00f6retlen fejl\u0151d\u00e9st<\/li>\n\n\n\n<li>a megbecs\u00fcl\u00e9st \u00e9s a megb\u00edzhat\u00f3 anyagi h\u00e1tteret a dolgoz\u00f3i sz\u00e1m\u00e1ra<\/li>\n<\/ul>\n\n\n\n<div style=\"height:63px\" aria-hidden=\"true\" class=\"wp-block-spacer\"><\/div>\n\n\n\n<p><\/p>\n","protected":false},"excerpt":{"rendered":"<p>LogiGamma Sped Kft. fuvaroz\u00e1s, fuvarszervez\u00e9s, sz\u00e1ll\u00edtm\u00e1nyoz\u00e1s \u00e9s m\u0171szaki ter\u00fcleten tapasztalt Fuvaroz\u00e1ssal \u00e9s fuvarszervez\u00e9ssel foglalkoz\u00f3 c\u00e9g\u00fcnk 2012 december\u00e9ben alakult h\u00e1rom term\u00e9szetes szem\u00e9ly r\u00e9szv\u00e9tel\u00e9vel. A tulajdonosok a fuvaroz\u00e1s, fuvarszervez\u00e9s \u00e9s sz\u00e1ll\u00edtm\u00e1nyoz\u00e1s, illetve m\u0171szaki ter\u00fcleten szerzett t\u00f6bb \u00e9ves szakmai tapasztalattal rendelkeznek. A munk\u00e1t egy euro 2-es Scania t\u00edpus\u00fa nyerges szerelv\u00e9nnyel kezdt\u00fck, kiz\u00e1r\u00f3lag belf\u00f6ldi feladatokkal. M\u00e1ra a c\u00e9g dinamikus fejl\u0151d\u00e9s\u00e9nek k\u00f6sz\u00f6nhet\u0151en h\u00e9t euro 6-os nyerges szerelv\u00e9nnyel, a legmagasabb elv\u00e1r\u00e1soknak is megfelel\u0151 k\u00f6nny\u00edtett, raklaptart\u00f3s ponyv\u00e1s f\u00e9lp\u00f3tkocsival igyekszik a megb\u00edz\u00f3i ig\u00e9nyeket teljes k\u00f6r\u0171en kiel\u00e9g\u00edteni, nemzetk\u00f6zi \u00e9s belf\u00f6ldi ter\u00fcleten egyar\u00e1nt. Utic\u00e9ljaink k\u00f6z\u00f6tt szerepel Eur\u00f3pa t\u00f6bb orsz\u00e1ga, els\u0151sorban Sv\u00e1jc! Legf\u0151bb c\u00e9lkit\u0171z\u00e9s\u00fcnk egy olyan t\u00f6bb gener\u00e1ci\u00f3s csal\u00e1di v\u00e1llalkoz\u00e1s megteremt\u00e9se, amely hossz\u00fa t\u00e1von tudja biztos\u00edtani<\/p>\n","protected":false},"author":1,"featured_media":0,"parent":0,"menu_order":0,"comment_status":"closed","ping_status":"closed","template":"","meta":{"footnotes":""},"class_list":["post-19","page","type-page","status-publish","hentry"],"_links":{"self":[{"href":"https:\/\/logigamma.hu\/info\/wp-json\/wp\/v2\/pages\/19","targetHints":{"allow":["GET"]}}],"collection":[{"href":"https:\/\/logigamma.hu\/info\/wp-json\/wp\/v2\/pages"}],"about":[{"href":"https:\/\/logigamma.hu\/info\/wp-json\/wp\/v2\/types\/page"}],"author":[{"embeddable":true,"href":"https:\/\/logigamma.hu\/info\/wp-json\/wp\/v2\/users\/1"}],"replies":[{"embeddable":true,"href":"https:\/\/logigamma.hu\/info\/wp-json\/wp\/v2\/comments?post=19"}],"version-history":[{"count":6,"href":"https:\/\/logigamma.hu\/info\/wp-json\/wp\/v2\/pages\/19\/revisions"}],"predecessor-version":[{"id":91,"href":"https:\/\/logigamma.hu\/info\/wp-json\/wp\/v2\/pages\/19\/revisions\/91"}],"wp:attachment":[{"href":"https:\/\/logigamma.hu\/info\/wp-json\/wp\/v2\/media?parent=19"}],"curies":[{"name":"wp","href":"https:\/\/api.w.org\/{rel}","templated":true}]}}